{"id":2764,"date":"2021-08-19T09:10:19","date_gmt":"2021-08-19T07:10:19","guid":{"rendered":"https:\/\/gobertadvisors.com\/esemenyek\/"},"modified":"2021-08-24T13:54:56","modified_gmt":"2021-08-24T11:54:56","slug":"esemenyek","status":"publish","type":"page","link":"https:\/\/gobertadvisors.com\/de\/esemenyek\/","title":{"rendered":"Veranstaltungen"},"content":{"rendered":"<p>[vc_row][vc_column][vc_column_text]<\/p>\n<h3><strong>Der Deutsche Wirtschaftsclub Ungarn<\/strong><\/h3>\n<p>&nbsp;<\/p>\n<p>Der Deutsche Wirtschaftsclub (DWC) wurde 1992 von 30 deutsch-sprachigen, in Ungarn t\u00e4tigen Top-Managern als Plattform f\u00fcr regelm\u00e4\u00dfige informelle Begegnungen in entspannter Club-Atmosph\u00e4re gegr\u00fcndet. Mindestens einmal monatlich finden Club-Veranstaltungen in gehobenem, niveauvollem Rahmen statt. Inzwischen geh\u00f6ren dem Club mehr als 200 F\u00fchrungskr\u00e4fte aus der Wirtschaft an.<\/p>\n<p>Der DWC m\u00f6chte die Vernetzung deutschsprachiger F\u00fchrungskr\u00e4fte vorantreiben, sowohl gesch\u00e4ftlich als auch privat und damit das Komfortgef\u00fchl jedes Einzelnen erh\u00f6hen. Au\u00dferdem m\u00f6chte der DWC durch das Zusammenbringen von Wirtschaftsakteuren mit Exponenten aus der Politik zugleich auch den Dialog zwischen Politik und Wirtschaft vorantreiben und damit zur Verbesserung des Investitionsklimas in Ungarn beitragen. Weiterhin setzt sich der DWC auch daf\u00fcr ein, dass Ungarn insbesondere in Deutschland als attraktiver Investitionsstandort realistisch wahrgenommen wird.<\/p>\n<p>Der Leiter unserer Rechtsanwaltskanzlei, Dr. Arne Gobert ist seit 2013 Pr\u00e4sident des DWC.<\/p>\n<p>F\u00fcr weitere Informationen bitte besuchen Sie die offizielle Webseite unter <a href=\"http:\/\/www.dwc.hu\/\" target=\"_blank\" rel=\"noopener\">www.dwc.hu<\/a>.<\/p>\n<h3><strong>2017<\/strong><\/h3>\n<p>[\/vc_column_text][\/vc_column][\/vc_row][vc_row][vc_column][vc_column_text]<\/p>\n<pre><strong>WEIHNACHTSFEIER<\/strong><\/pre>\n<p>Im Rahmen der DWC-Weihnachtsfeier hielt Minister Zolt\u00e1n Balog als Pastor eine Weihnachtsansprache.[\/vc_column_text][vc_empty_space height=&#8220;10px&#8220; hide_on_mobile=&#8220;&#8220;][vc_single_image image=&#8220;2317&#8243; img_size=&#8220;large&#8220; add_caption=&#8220;yes&#8220; alignment=&#8220;center&#8220;][\/vc_column][\/vc_row][vc_row][vc_column][vc_column_text]<\/p>\n<pre><strong>\"MIT TAUSEND BANDEN VERKN\u00dcPFT\" - VORTRAG VON P\u00c9TER SZIJJ\u00c1RT\u00d3<\/strong><\/pre>\n<p>Auf der DWC-Veranstaltung, auf der Minister f\u00fcr Ausw\u00e4rtiges und Au\u00dfenhandel, P\u00e9ter Szijj\u00e1rt\u00f3 die deutsch-ungarische Wirtschaftsbeziehungen w\u00fcrdigte, wurde auch eine strategische Zusammenarbeit zwischen dem DWC Ungarn und dem ungarischen Au\u00dfenministerium bekanntgegeben.[\/vc_column_text][vc_empty_space height=&#8220;10px&#8220; hide_on_mobile=&#8220;&#8220;][vc_single_image image=&#8220;2331&#8243; img_size=&#8220;large&#8220; add_caption=&#8220;yes&#8220; alignment=&#8220;center&#8220;][\/vc_column][\/vc_row][vc_row][vc_column][vc_column_text]<\/p>\n<pre><strong>OKTOBERFEST 2017<\/strong><\/pre>\n<p>Auf dem 7. DWC-Oktoberfest \u00fcbernahm Botschafter der Bundesrepublik Deutschland in Ungarn, S.E. Volkmar Wenzel die Schirmherrschaft. Hauptsponsor des Abends war die Oberbank AG, deren Vertreter Peter Szenkur\u00f6k, Direktor der Oberbank AG Ungarn war.[\/vc_column_text][vc_empty_space height=&#8220;10px&#8220; hide_on_mobile=&#8220;&#8220;][vc_single_image image=&#8220;2335&#8243; img_size=&#8220;large&#8220; add_caption=&#8220;yes&#8220; alignment=&#8220;center&#8220;][\/vc_column][\/vc_row][vc_row][vc_column][vc_column_text]<\/p>\n<pre><strong>INTEGRATION UND WOHLSTAND - VERANSTALTUNG MIT ROLAND KOCH<\/strong><\/pre>\n<p>Drei Tage nach den Wahlen in Deutschland hielt der ehemalige hessische Ministerpr\u00e4sident, Roland Koch einen Vortrag \u00fcber die aktuellen Herausforderungen in Deutschland und Europa.[\/vc_column_text][vc_empty_space height=&#8220;10px&#8220; hide_on_mobile=&#8220;&#8220;][vc_single_image image=&#8220;2339&#8243; img_size=&#8220;large&#8220; add_caption=&#8220;yes&#8220; alignment=&#8220;center&#8220;][\/vc_column][\/vc_row][vc_row][vc_column][vc_column_text]<\/p>\n<pre><strong>TOP-MANAGERRUNDE MIT DR. J\u00d3ZSEF CZUKOR<\/strong><\/pre>\n<p>Unter den Teilnehmern der Top-Managerrunde befand sich der Hauptberater des Ministerpr\u00e4sidenten, Dr. J\u00f3zsef Czukor.[\/vc_column_text][vc_empty_space height=&#8220;10px&#8220; hide_on_mobile=&#8220;&#8220;][vc_single_image image=&#8220;2343&#8243; img_size=&#8220;large&#8220; add_caption=&#8220;yes&#8220; alignment=&#8220;center&#8220;][\/vc_column][\/vc_row][vc_row][vc_column][vc_column_text]<\/p>\n<pre><strong>IV. BALL DER DEUTSCHEN WIRTSCHAFT<\/strong><\/pre>\n<p>Mit dem IV. Ball der Deutschen Wirtschaft und der erneuten Vergabe des &#8222;DWC Preises der Deutsch-Ungarischen Freundschaft&#8220; wurde die enge Freundschaft zwischen den beiden L\u00e4ndern in einem w\u00fcrdigen Rahmen mit den Mitgliedern und Freunden des Clubs gefeiert. Dieses Jahr erhielten drei ausgezeichnete Pers\u00f6nlichkeiten den Preis:<\/p>\n<p>Prof. Dr. M\u00e1ria Schmidt, Direktorin des Museums Haus der Terror<\/p>\n<p>Balog Zolt\u00e1n, Minister f\u00fcr Humanressourcen<\/p>\n<p>Frank Spengler, Leiter des Auslandsb\u00fcros Budapest der Konrad-Adenauer-Stiftung[\/vc_column_text][vc_empty_space height=&#8220;10px&#8220; hide_on_mobile=&#8220;&#8220;][vc_single_image image=&#8220;2347&#8243; img_size=&#8220;large&#8220; add_caption=&#8220;yes&#8220; alignment=&#8220;center&#8220;][vc_single_image image=&#8220;2350&#8243; img_size=&#8220;large&#8220; add_caption=&#8220;yes&#8220; alignment=&#8220;center&#8220;][vc_single_image image=&#8220;2353&#8243; img_size=&#8220;large&#8220; add_caption=&#8220;yes&#8220; alignment=&#8220;center&#8220;][vc_single_image image=&#8220;2359&#8243; img_size=&#8220;large&#8220; add_caption=&#8220;yes&#8220; alignment=&#8220;center&#8220;][vc_single_image image=&#8220;2362&#8243; img_size=&#8220;large&#8220; add_caption=&#8220;yes&#8220; alignment=&#8220;center&#8220;][\/vc_column][\/vc_row][vc_row][vc_column][vc_column_text]<\/p>\n<pre><strong>DR. MATEI HOFFMANN UND DIE ROLLE VON DEUTSCHLAND UND UNGARN IN DER OECD<\/strong><\/pre>\n<p>In der Ungarischen Akademie der Wissenschaften\u00a0hielt S.E. Dr. Matei Hoffmann, Botschafter der Bundesrepublik Deutschland bei der OECD in Paris, einen Vortrag \u00fcber die T\u00e4tigkeit und Bedeutung der OECD und deren Beziehungen mit Deutschland und Ungarn.[\/vc_column_text][vc_empty_space height=&#8220;10px&#8220; hide_on_mobile=&#8220;&#8220;][vc_single_image image=&#8220;2366&#8243; img_size=&#8220;large&#8220; add_caption=&#8220;yes&#8220; alignment=&#8220;center&#8220;][\/vc_column][\/vc_row][vc_row][vc_column][vc_column_text]<\/p>\n<pre><strong>SONDERF\u00dcHRUNG IM MUSEUM HAUS DES TERRORS MIT PROF. DR. M\u00c1RIA SCHMIDT<\/strong><\/pre>\n<p>Nach einer Sonderf\u00fchrung im Museum hielt Prof. Dr. M\u00e1ria Schmidt, Generaldirektorin des Museums einen Vortrag \u00fcber die historischen Aspekte und Wichtigkeit der deutsch-ungarischen Beziehungen und Freundschaft.[\/vc_column_text][vc_empty_space height=&#8220;10px&#8220; hide_on_mobile=&#8220;&#8220;][vc_single_image image=&#8220;2370&#8243; img_size=&#8220;large&#8220; add_caption=&#8220;yes&#8220; alignment=&#8220;center&#8220;][\/vc_column][\/vc_row][vc_row][vc_column][vc_empty_space height=&#8220;30px&#8220; hide_on_mobile=&#8220;&#8220;][vc_column_text]<\/p>\n<h3><strong>2016<\/strong><\/h3>\n<p>[\/vc_column_text][\/vc_column][\/vc_row][vc_row][vc_column][vc_column_text]<\/p>\n<pre><strong>\"O' ZAPFT IS\" - OKTOBERFEST 2016<\/strong><\/pre>\n<p>Im Festzelt auf dem Grundst\u00fcck des Malteser Hilfsdienstes\u00a0wurde anl\u00e4sslich des 6. Oktoberfestes des DWC gefeiert. Der Deutsche Botschafter in Ungarn, S.E. Dr. Heinz-Peter Behr hat die Schirmherrschaft \u00fcbernommen und Hauptsponsor des Abends war die Oberbank AG, deren ungarischer Leiter, Peter Szenkur\u00f6k auch anwesend war.[\/vc_column_text][vc_empty_space height=&#8220;10px&#8220; hide_on_mobile=&#8220;&#8220;][vc_single_image image=&#8220;2375&#8243; img_size=&#8220;large&#8220; add_caption=&#8220;yes&#8220; alignment=&#8220;center&#8220;][\/vc_column][\/vc_row][vc_row][vc_column][vc_column_text]<\/p>\n<pre><strong>DR. GERGELY GULY\u00c1S: \"DEUTSCHLAND UND UNGARN BRAUCHEN NEUE POSITIVE, GEMEINSAME ERLEBNISSE\"<\/strong><\/pre>\n<p>Der Vizepr\u00e4sident des Ungarischen Parlaments, Dr. Gergely Guly\u00e1s hielt eine Rede mit dem Titel \u201eUngarn in einem transformierenden Europa: \u00f6konomische und politische Perspektiven im Licht der Einwanderung, des Arbeitskr\u00e4ftemangels und Brexit\u201d.[\/vc_column_text][vc_empty_space height=&#8220;10px&#8220; hide_on_mobile=&#8220;&#8220;][vc_single_image image=&#8220;2380&#8243; img_size=&#8220;large&#8220; add_caption=&#8220;yes&#8220; alignment=&#8220;center&#8220;][\/vc_column][\/vc_row][vc_row][vc_column][vc_column_text]<\/p>\n<pre><strong>III. BALL DER DEUTSCHEN WIRTSCHAFT<\/strong><\/pre>\n<p>Zahlreiche Vertreter aus Wirtschaft, Politik, Diplomatie und Kultur feierten gemeinsam am III. Ball der Deutschen Wirtschaft. An diesem Abend wurde in der Pester Vigad\u00f3 der &#8222;DWC-Preis der Deutsch-Ungarischen Freundschaft&#8220; verliehen. 2016 erhielten den Preis zwei ausgezeichnete Personen: S.E. Dr. Matei Ion Hoffmann,\u00a0 Botschafter der Bundesrepublik Deutschland bei der OECD in Paris, und Dr. P\u00e9ter Edvi, Gr\u00fcnder und Pr\u00e4sident des Internationalen Kinderrettungsdienstes in Deutschland und Ungarn. <span class=\"cont-img-description\">Parlamentsvize Dr. Gergely Guly\u00e1s w\u00fcrdigte das deutsche Engagement in Ungarn.<\/span>[\/vc_column_text][vc_empty_space height=&#8220;10px&#8220; hide_on_mobile=&#8220;&#8220;][vc_single_image image=&#8220;2384&#8243; img_size=&#8220;large&#8220; add_caption=&#8220;yes&#8220; alignment=&#8220;center&#8220;][vc_single_image image=&#8220;2387&#8243; img_size=&#8220;large&#8220; add_caption=&#8220;yes&#8220; alignment=&#8220;center&#8220;][vc_single_image image=&#8220;2390&#8243; img_size=&#8220;large&#8220; add_caption=&#8220;yes&#8220; alignment=&#8220;center&#8220;][\/vc_column][\/vc_row][vc_row][vc_column][vc_column_text]<\/p>\n<pre><strong>VORTRAG VON ANTAL ROG\u00c1N<\/strong><\/pre>\n<p>Leitender Minister des Kabinettb\u00fcros\u00a0des Ministerpr\u00e4sidenten, Antal Rog\u00e1n hielt eine Rede zum Thema der Bewertung der aktuellen Situation der ungarischen Wirtschaft: M\u00f6glichkeiten und vermeidbare Risiken.[\/vc_column_text][vc_empty_space height=&#8220;10px&#8220; hide_on_mobile=&#8220;&#8220;][vc_single_image image=&#8220;2394&#8243; img_size=&#8220;large&#8220; add_caption=&#8220;yes&#8220; alignment=&#8220;center&#8220;][\/vc_column][\/vc_row][vc_row][vc_column][vc_column_text]<\/p>\n<pre><strong>VERANSTALTUNG ZUM DEUTSCHEN BILDUNGSEINRICHTUNGEN IN UNGARN<\/strong><\/pre>\n<p>Dr. L\u00e1szl\u00f3 Palkovics, Staatssekret\u00e4r f\u00fcr Hochschulwesen war Ehrengast der DWC Diskussionsrunde \u00fcber Ausbildung und die deutschen Bildungseinrichtungen in Ungarn.[\/vc_column_text][vc_empty_space height=&#8220;10px&#8220; hide_on_mobile=&#8220;&#8220;][vc_single_image image=&#8220;2398&#8243; img_size=&#8220;large&#8220; add_caption=&#8220;yes&#8220; alignment=&#8220;center&#8220;][\/vc_column][\/vc_row][vc_row][vc_column][vc_column_text]<\/p>\n<pre><strong>\u00d6STERREICH \/ UNGARN \/ EUROPA - EINE CHANCE!<\/strong><\/pre>\n<p>S.E. Dr. Ralph Scheide, Botschafter von \u00d6sterreich in Ungarn hielt eine inspirierende Rede \u00fcber die \u00f6sterreichisch-ungarische Beziehungen.[\/vc_column_text][vc_empty_space height=&#8220;10px&#8220; hide_on_mobile=&#8220;&#8220;][vc_single_image image=&#8220;2402&#8243; img_size=&#8220;large&#8220; add_caption=&#8220;yes&#8220; alignment=&#8220;center&#8220;][\/vc_column][\/vc_row][vc_row][vc_column][vc_empty_space height=&#8220;30px&#8220; hide_on_mobile=&#8220;&#8220;][vc_column_text]<\/p>\n<h3><strong>2015<\/strong><\/h3>\n<p>[\/vc_column_text][\/vc_column][\/vc_row][vc_row][vc_column][vc_column_text]<\/p>\n<pre><strong>MIGRATION UND TERRORISMUS - VORTRAG VON GEORG SP\u00d6TTLE<\/strong><\/pre>\n<p>Georg Sp\u00f6ttle, anerkannter Fachberater f\u00fcr Sicherheit und Terrorismusfragen informierte die DWC-Mitglieder \u00fcber die Auswirkungen der Migration, deren Einfluss auf Unternehmen und \u00fcber die steigende Terrorgefahr.[\/vc_column_text][vc_empty_space height=&#8220;10px&#8220; hide_on_mobile=&#8220;&#8220;][vc_single_image image=&#8220;2406&#8243; img_size=&#8220;large&#8220; add_caption=&#8220;yes&#8220; alignment=&#8220;center&#8220;][\/vc_column][\/vc_row][vc_row][vc_column][vc_column_text]<\/p>\n<pre><strong>DIE AKTUELLE FINANZIELLE LAGE VON UNGARN PR\u00c4SENTIERT VON DR. MATOLCSY GY\u00d6RGY <\/strong><\/pre>\n<p>Dr. Gy\u00f6rgy Matolcsy, Pr\u00e4sident der Ungarischen Nationalbank widmete sein Vortrag dem Thema der aktuellen finanziellen Entwicklungen aus Sicht der ungarischen Nationalbank.[\/vc_column_text][vc_empty_space height=&#8220;10px&#8220; hide_on_mobile=&#8220;&#8220;][vc_single_image image=&#8220;2410&#8243; img_size=&#8220;large&#8220; add_caption=&#8220;yes&#8220; alignment=&#8220;center&#8220;][\/vc_column][\/vc_row][vc_row][vc_column][vc_column_text]<\/p>\n<pre><strong>4. KONFERENZ DES DEUTSCHEN WIRTSCHAFTSCLUBS<\/strong><\/pre>\n<p>Auf dem 4. Konferenz des DWC standen solche aktuelle wirtschaftliche Themen im Fokus, wie die Herausforderungen in den MOE-Staaten, Abwanderung von qualifizierten Arbeitskr\u00e4ften, die Bedeutung von Cybersicherheit und Herausforderungen in der nationalen und europ\u00e4ischen Sicherheitspolitik. Unter den zahlreichen renommierten Rednern befand sich auch P\u00e9ter Szijj\u00e1rt\u00f3, Minister f\u00fcr Ausw\u00e4rtiges und Au\u00dfenhandel.[\/vc_column_text][vc_empty_space height=&#8220;10px&#8220; hide_on_mobile=&#8220;&#8220;][vc_single_image image=&#8220;2414&#8243; img_size=&#8220;large&#8220; add_caption=&#8220;yes&#8220; alignment=&#8220;center&#8220;][vc_single_image image=&#8220;2417&#8243; img_size=&#8220;large&#8220; add_caption=&#8220;yes&#8220; alignment=&#8220;center&#8220;][vc_single_image image=&#8220;2420&#8243; img_size=&#8220;large&#8220; add_caption=&#8220;yes&#8220; alignment=&#8220;center&#8220;][\/vc_column][\/vc_row][vc_row][vc_column][vc_column_text]<\/p>\n<pre><strong>EINF\u00dcHRUNG DER DUALEN HOCHSCHULBILDUNG IN UNGARN<\/strong><\/pre>\n<p>Die Kecskem\u00e9ter Abteilung von DWC spielt eine aktive Rolle bei der Veranstaltungsorganisierung. Neben Ekkehard Philipp, CFO von Mercedes, berichtete Dr. L\u00e1szl\u00f3 Palkovics, Staatssekret\u00e4r f\u00fcr Hochschulwesen \u00fcber die Einf\u00fchrung der dualen Hochschulbildung.[\/vc_column_text][vc_empty_space height=&#8220;10px&#8220; hide_on_mobile=&#8220;&#8220;][vc_single_image image=&#8220;2424&#8243; img_size=&#8220;large&#8220; add_caption=&#8220;yes&#8220; alignment=&#8220;center&#8220;][\/vc_column][\/vc_row][vc_row][vc_column][vc_column_text]<\/p>\n<pre><strong>II. BALL DER DEUTSCHEN WIRTSCHAFT<\/strong><\/pre>\n<p>Nach dem Erfolg von dem ersten Ball der Deutschen Wirtschaft wurde 2015, im deutsch-ungarischen Freundschaftsjahr der zweite DWC-Ball angek\u00fcndigt. Erstmals wurde der \u201eDWC-Preis der Deutsch-Ungarischen Freundschaft\u201c an Herrn Ulrich Bettermann, Inhaber der OBO Bettermann GmbH verliehen. Zahlreiche K\u00fcnstler sorgten f\u00fcr den stimmungsvollen Abend, so eine Fashion Show mit Modedesigner Tam\u00e1s N\u00e1ray und die K\u00e1llay Saunders Andr\u00e1s Band. Auch Wirtschaftsminister Mih\u00e1ly Varga befand sich unter den Ehreng\u00e4sten.[\/vc_column_text][vc_empty_space height=&#8220;10px&#8220; hide_on_mobile=&#8220;&#8220;][vc_single_image image=&#8220;2427&#8243; img_size=&#8220;large&#8220; add_caption=&#8220;yes&#8220; alignment=&#8220;center&#8220;][vc_single_image image=&#8220;2430&#8243; img_size=&#8220;large&#8220; add_caption=&#8220;yes&#8220; alignment=&#8220;center&#8220;][\/vc_column][\/vc_row][vc_row][vc_column][vc_column_text]<\/p>\n<pre><strong>OLYMPIABEWERBUNG VON BUDAPEST<\/strong><\/pre>\n<p>P\u00e1l Schmitt, ehemaliger Staatspr\u00e4sident von Ungarn hielt einen Vortrag \u00fcber die Olympiabewerbung von Budapest, sowie \u00fcber Sport und Sportf\u00f6rderung.[\/vc_column_text][vc_empty_space height=&#8220;10px&#8220; hide_on_mobile=&#8220;&#8220;][vc_single_image image=&#8220;2434&#8243; img_size=&#8220;large&#8220; add_caption=&#8220;yes&#8220; alignment=&#8220;center&#8220;][\/vc_column][\/vc_row][vc_row][vc_column][vc_column_text]<\/p>\n<pre><strong>DIE AUSSENWIRTSCHAFTSPOLITIK UNGARNS\r\n<\/strong><\/pre>\n<p>P\u00e9ter Szijj\u00e1rt\u00f3, Minister f\u00fcr Ausw\u00e4rtiges und Aussenhandel hat die Aussenwirtschafspolitik Ungarns dargelegt.[\/vc_column_text][vc_empty_space height=&#8220;10px&#8220; hide_on_mobile=&#8220;&#8220;][vc_single_image image=&#8220;2438&#8243; img_size=&#8220;large&#8220; add_caption=&#8220;yes&#8220; alignment=&#8220;center&#8220;][\/vc_column][\/vc_row][vc_row][vc_column][vc_empty_space height=&#8220;30px&#8220; hide_on_mobile=&#8220;&#8220;][vc_column_text]<\/p>\n<h3><strong>2014<\/strong><\/h3>\n<p>[\/vc_column_text][\/vc_column][\/vc_row][vc_row][vc_column][vc_column_text]<\/p>\n<pre><strong>DR. S\u00c1NDOR FAZEKAS<\/strong><\/pre>\n<p>[\/vc_column_text][vc_empty_space height=&#8220;10px&#8220; hide_on_mobile=&#8220;&#8220;][vc_single_image image=&#8220;2442&#8243; img_size=&#8220;large&#8220; add_caption=&#8220;yes&#8220; alignment=&#8220;center&#8220;][\/vc_column][\/vc_row][vc_row][vc_column][vc_column_text]<\/p>\n<pre><strong>LESLIE MANDOKI<\/strong><\/pre>\n<p>[\/vc_column_text][vc_empty_space height=&#8220;10px&#8220; hide_on_mobile=&#8220;&#8220;][vc_single_image image=&#8220;2446&#8243; img_size=&#8220;large&#8220; add_caption=&#8220;yes&#8220; alignment=&#8220;center&#8220;][\/vc_column][\/vc_row][vc_row][vc_column][vc_column_text]<\/p>\n<pre><strong>OKTOBERFEST 2014<\/strong><\/pre>\n<p>[\/vc_column_text][vc_empty_space height=&#8220;10px&#8220; hide_on_mobile=&#8220;&#8220;][vc_single_image image=&#8220;2449&#8243; img_size=&#8220;large&#8220; add_caption=&#8220;yes&#8220; alignment=&#8220;center&#8220;][\/vc_column][\/vc_row][vc_row][vc_column][vc_column_text]<\/p>\n<pre><strong>DIE UNGARISCHE AUSSENWIRTSCHAFTSPOLITIK<\/strong><\/pre>\n<p>[\/vc_column_text][vc_empty_space height=&#8220;10px&#8220; hide_on_mobile=&#8220;&#8220;][vc_single_image image=&#8220;2452&#8243; img_size=&#8220;large&#8220; add_caption=&#8220;yes&#8220; alignment=&#8220;center&#8220;][\/vc_column][\/vc_row][vc_row][vc_column][vc_column_text]<\/p>\n<pre><strong>I. BALL DER DEUTSCHEN WIRTSCHAFT<\/strong><\/pre>\n<p>Unter dem Motto &#8222;10 Jahre Ungarn in der EU \u2013 10 Jahre miteinander f\u00fcr Europa&#8220; hat der DWC den I. Ball der deutschen Wirtschaft angek\u00fcndigt. Im frisch renovierten Pester Vigad\u00f3 und unter der Schirmherrschaft von HR-Minister Zolt\u00e1n Balog, wurde die langj\u00e4hrige deutsch-ungarische Freundschaft w\u00fcrdig gefeiert. Auf dem eleganten und anregenden Abend mischte sich der klassische Ball mit moderner Tanzmusik. P\u00e1l Schmitt, Ungarns ehemaliger Staatspr\u00e4sident befand sich auch unter den Ehreng\u00e4sten, sowie Leslie Mandoki.[\/vc_column_text][vc_empty_space height=&#8220;10px&#8220; hide_on_mobile=&#8220;&#8220;][vc_single_image image=&#8220;2456&#8243; img_size=&#8220;large&#8220; add_caption=&#8220;yes&#8220; alignment=&#8220;center&#8220;][vc_single_image image=&#8220;2459&#8243; img_size=&#8220;large&#8220; add_caption=&#8220;yes&#8220; alignment=&#8220;center&#8220;][vc_single_image image=&#8220;2462&#8243; img_size=&#8220;large&#8220; add_caption=&#8220;yes&#8220; alignment=&#8220;center&#8220;][\/vc_column][\/vc_row][vc_row][vc_column][vc_column_text]<\/p>\n<pre><strong>DER PR\u00c4SIDENT DES UNGARISCHEN PARLAMENTS, L\u00c1SZL\u00d3 K\u00d6V\u00c9R WAR GAST DES DWC<\/strong><\/pre>\n<p>Der im Jahre 2014 neugew\u00e4hlte Parlamentspr\u00e4sident, L\u00e1szl\u00f3 K\u00f6v\u00e9r war zu Gast bei DWC.[\/vc_column_text][vc_empty_space height=&#8220;10px&#8220; hide_on_mobile=&#8220;&#8220;][vc_single_image image=&#8220;2466&#8243; img_size=&#8220;large&#8220; add_caption=&#8220;yes&#8220; alignment=&#8220;center&#8220;][\/vc_column][\/vc_row][vc_row][vc_column][vc_column_text]<\/p>\n<pre><strong>\u00dcBER DIE UNGARISCHE WIRTSCHAFT<\/strong><\/pre>\n<p>Prof. Dr. Zolt\u00e1n Cs\u00e9falvay, strategischer Staatssekret\u00e4r des Wirtschaftsministeriums und Prof. Dr. \u00c1rp\u00e1d Kov\u00e1cs, Pr\u00e4sident des Finanzplanungsrates haben \u00fcber die aktuellen Wirtschaftsereignissen und zur Lage der ungarischen Wirtschaft diskutiert.[\/vc_column_text][vc_empty_space height=&#8220;10px&#8220; hide_on_mobile=&#8220;&#8220;][vc_single_image image=&#8220;2470&#8243; img_size=&#8220;large&#8220; add_caption=&#8220;yes&#8220; alignment=&#8220;center&#8220;][\/vc_column][\/vc_row][vc_row][vc_column][vc_column_text]<\/p>\n<pre><strong>FRAUEN IN DER UNGARISCHEN POLITIK - VORTRAG VON KATALIN SZILI<\/strong><\/pre>\n<p>Bei ihrem Vortrag hat Katalin Szili, Vorsitzende der Gemeinschaft f\u00fcr gesellschaftliche Gerechtigkeit unter anderem erkl\u00e4rt, warum Frauen in der ungarischen Politik so derma\u00dfen unterrepr\u00e4sentiert sind, mit welchen Konsequenzen das einhergeht und wie Abhilfe geleistet werden kann.[\/vc_column_text][vc_empty_space height=&#8220;10px&#8220; hide_on_mobile=&#8220;&#8220;][vc_single_image image=&#8220;2474&#8243; img_size=&#8220;large&#8220; add_caption=&#8220;yes&#8220; alignment=&#8220;center&#8220;][\/vc_column][\/vc_row][vc_row][vc_column][vc_column_text]<\/p>\n<pre><strong>MSZP-VORSITZENDE ATTILA MESTERH\u00c1ZY<\/strong><\/pre>\n<p>Noch vor der Parlamentswahl 2014 hat Attila Mesterh\u00e1zy, Parteivorsitzender der Ungarischen Sozialistischen Partei, die aktuellsten politischen Fragen vor dem DWC-Publikum angesprochen.[\/vc_column_text][vc_empty_space height=&#8220;10px&#8220; hide_on_mobile=&#8220;&#8220;][vc_single_image image=&#8220;2478&#8243; img_size=&#8220;large&#8220; add_caption=&#8220;yes&#8220; alignment=&#8220;center&#8220;][\/vc_column][\/vc_row][vc_row][vc_column][vc_empty_space height=&#8220;30px&#8220; hide_on_mobile=&#8220;&#8220;][vc_column_text]<\/p>\n<h3><strong>2013<\/strong><\/h3>\n<p>[\/vc_column_text][\/vc_column][\/vc_row][vc_row][vc_column][vc_column_text]<\/p>\n<pre><strong>SCHRITTWEISE UND BERECHENBARE MONET\u00c4RE POLITIK - DR. GY\u00d6RGY MATOLCSY <\/strong><\/pre>\n<p>Es war der erste Auftritt des Nationalbankpr\u00e4sidenten Dr. Gy\u00f6rgy Matolcsy seit seiner Ernennung im M\u00e4rz vor dem DWC.[\/vc_column_text][vc_empty_space height=&#8220;10px&#8220; hide_on_mobile=&#8220;&#8220;][vc_single_image image=&#8220;2482&#8243; img_size=&#8220;large&#8220; add_caption=&#8220;yes&#8220; alignment=&#8220;center&#8220;][\/vc_column][\/vc_row]<\/p>\n","protected":false},"excerpt":{"rendered":"<p>[vc_row][vc_column][vc_column_text] Der Deutsche Wirtschaftsclub Ungarn &nbsp; Der Deutsche Wirtschaftsclub (DWC) wurde 1992 von 30 deutsch-sprachigen, in Ungarn t\u00e4tigen Top-Managern als Plattform f\u00fcr regelm\u00e4\u00dfige informelle Begegnungen in entspannter Club-Atmosph\u00e4re gegr\u00fcndet. Mindestens einmal monatlich finden Club-Veranstaltungen in gehobenem, niveauvollem Rahmen statt. Inzwischen geh\u00f6ren dem Club mehr als 200 F\u00fchrungskr\u00e4fte aus der Wirtschaft an. Der DWC m\u00f6chte die Vernetzung deutschsprachiger F\u00fchrungskr\u00e4fte vorantreiben, sowohl&hellip;<\/p>\n","protected":false},"author":1,"featured_media":0,"parent":0,"menu_order":0,"comment_status":"closed","ping_status":"closed","template":"","meta":{"footnotes":""},"class_list":["post-2764","page","type-page","status-publish","hentry"],"_links":{"self":[{"href":"https:\/\/gobertadvisors.com\/de\/wp-json\/wp\/v2\/pages\/2764","targetHints":{"allow":["GET"]}}],"collection":[{"href":"https:\/\/gobertadvisors.com\/de\/wp-json\/wp\/v2\/pages"}],"about":[{"href":"https:\/\/gobertadvisors.com\/de\/wp-json\/wp\/v2\/types\/page"}],"author":[{"embeddable":true,"href":"https:\/\/gobertadvisors.com\/de\/wp-json\/wp\/v2\/users\/1"}],"replies":[{"embeddable":true,"href":"https:\/\/gobertadvisors.com\/de\/wp-json\/wp\/v2\/comments?post=2764"}],"version-history":[{"count":3,"href":"https:\/\/gobertadvisors.com\/de\/wp-json\/wp\/v2\/pages\/2764\/revisions"}],"predecessor-version":[{"id":2767,"href":"https:\/\/gobertadvisors.com\/de\/wp-json\/wp\/v2\/pages\/2764\/revisions\/2767"}],"wp:attachment":[{"href":"https:\/\/gobertadvisors.com\/de\/wp-json\/wp\/v2\/media?parent=2764"}],"curies":[{"name":"wp","href":"https:\/\/api.w.org\/{rel}","templated":true}]}}